{"id":111597,"date":"2022-12-01T10:06:49","date_gmt":"2022-12-01T09:06:49","guid":{"rendered":"https:\/\/www.aspeninstitute.it\/nazionali-infrastrutture-e-mobilita\/"},"modified":"2022-12-22T18:18:10","modified_gmt":"2022-12-22T17:18:10","slug":"nazionali-infrastrutture-e-mobilita","status":"publish","type":"page","link":"https:\/\/www.aspeninstitute.it\/en\/nazionali-infrastrutture-e-mobilita\/","title":{"rendered":"Nationals &#8211; Infrastructures and Mobility"},"content":{"rendered":"<style>\n.nv-meta-list {\n  display: none;\n}\n<\/style>\n\t<div id=\"risultati-archivio\" class=\"posts-wrapper\" style=\"padding:0 15px;\">\n\n\t<div id=\"edd_download_pagination\" class=\"navigation\">\n\t\t\t<\/div>\n\n\t\t<div id=\"risultato-ricerca-articoli\" class=\"posts-wrapper\">\n\t\t\t<hr style=\"border-top: 4px solid var(--nv-primary-accent);\" \/>\n<article id=\"post-122044\" class=\"post-122044 post type-post status-publish format-standard has-post-thumbnail hentry category-national temi_aspen-infrastructure-and-mobility temi_aspen-technology tag_formato-roundtable layout-grid \">\n\t<div class=\"article-content-col\">\n\t\t<div class=\"content\">\n\t\t\t<div class=\"data_luogo_archive\"><li><div class='luogo'><b>Rome<\/b><\/div><\/li><div class='giorno' style='float: left;margin-right:3px !important;'><b>14 November 2024<\/b><\/div><\/div><div class=\"documento_archive\"><div class='luogo'>&nbsp;<\/div><div class='giorno'>&nbsp;<\/div><\/div><div class='controllo_se_pubblico'><span style='text-transform: uppercase; color:red;'><\/span><\/div>\t\t\t<div class=\"nv-post-thumbnail-wrap img-wrap\"><a href=\"https:\/\/www.aspeninstitute.it\/en\/le-reti-di-comunicazionesicurezza-resilienza-e-innovazione\/\" rel=\"bookmark\" title=\"Communications networks: security, resilience, and innovation\"><img loading=\"lazy\" decoding=\"async\" width=\"2560\" height=\"1435\" src=\"https:\/\/www.aspeninstitute.it\/wp-content\/uploads\/2024\/07\/cybernetic-world-map-with-holographic-projections-representing-digital-integration-scaled.jpg\" class=\"attachment-120534 size-120534 wp-post-image\" alt=\"\" large=\"\" srcset=\"https:\/\/www.aspeninstitute.it\/wp-content\/uploads\/2024\/07\/cybernetic-world-map-with-holographic-projections-representing-digital-integration-scaled.jpg 2560w, https:\/\/www.aspeninstitute.it\/wp-content\/uploads\/2024\/07\/cybernetic-world-map-with-holographic-projections-representing-digital-integration-300x168.jpg 300w, https:\/\/www.aspeninstitute.it\/wp-content\/uploads\/2024\/07\/cybernetic-world-map-with-holographic-projections-representing-digital-integration-1024x574.jpg 1024w, https:\/\/www.aspeninstitute.it\/wp-content\/uploads\/2024\/07\/cybernetic-world-map-with-holographic-projections-representing-digital-integration-768x430.jpg 768w, https:\/\/www.aspeninstitute.it\/wp-content\/uploads\/2024\/07\/cybernetic-world-map-with-holographic-projections-representing-digital-integration-1536x861.jpg 1536w, https:\/\/www.aspeninstitute.it\/wp-content\/uploads\/2024\/07\/cybernetic-world-map-with-holographic-projections-representing-digital-integration-2048x1148.jpg 2048w\" sizes=\"auto, (max-width: 2560px) 100vw, 2560px\" \/><\/a><\/div><h2 class=\"blog-entry-title entry-title\"><a href=\"https:\/\/www.aspeninstitute.it\/en\/le-reti-di-comunicazionesicurezza-resilienza-e-innovazione\/\" rel=\"bookmark\">Communications networks: security, resilience, and innovation<\/a><\/h2><ul class=\"nv-meta-list\"><li class=\"meta category \"><a href=\"https:\/\/www.aspeninstitute.it\/en\/category\/assets\/national\/\" rel=\"category tag\">National<\/a><\/li><\/ul><div class=\"excerpt-wrap entry-summary\"><p>Communications networks are essential to competitiveness, industrial development and innovation, but they are also increasingly exposed to security threats.\u00a0 Italy needs a coordinated systemic approach<a href=\"https:\/\/www.aspeninstitute.it\/en\/le-reti-di-comunicazionesicurezza-resilienza-e-innovazione\/\" rel=\"bookmark\">\u00a0(&#8230;)<span class=\"screen-reader-text\">Communications networks: security, resilience, and innovation<\/span><\/a><\/p>\n<\/div>\t\t<\/div>\n\t<\/div>\n<\/article>\n<article id=\"post-120615\" class=\"post-120615 post type-post status-publish format-standard has-post-thumbnail hentry category-national temi_aspen-infrastructure-and-mobility tag_formato-roundtable layout-grid \">\n\t<div class=\"article-content-col\">\n\t\t<div class=\"content\">\n\t\t\t<div class=\"data_luogo_archive\"><li><div class='luogo'><b>Rome <\/b><\/div><\/li><div class='giorno' style='float: left;margin-right:3px !important;'><b>3 July 2024<\/b><\/div><\/div><div class=\"documento_archive\"><div class='luogo'>&nbsp;<\/div><div class='giorno'>&nbsp;<\/div><\/div><div class='controllo_se_pubblico'><span style='text-transform: uppercase; color:red;'><\/span><\/div>\t\t\t<div class=\"nv-post-thumbnail-wrap img-wrap\"><a href=\"https:\/\/www.aspeninstitute.it\/en\/grandi-eventi-e-pnrr-limpatto-economico-e-sociale-della-rigenerazione-urbana\/\" rel=\"bookmark\" title=\"Major events and Italy\u2019s National Recovery Plan: the economic impact and social aspects of urban regeneration\"><img loading=\"lazy\" decoding=\"async\" width=\"1024\" height=\"574\" src=\"https:\/\/www.aspeninstitute.it\/wp-content\/uploads\/2024\/07\/people-celebrating-world-population-day_lowres.jpg\" class=\"attachment-120523 size-120523 wp-post-image\" alt=\"\" large=\"\" srcset=\"https:\/\/www.aspeninstitute.it\/wp-content\/uploads\/2024\/07\/people-celebrating-world-population-day_lowres.jpg 1024w, https:\/\/www.aspeninstitute.it\/wp-content\/uploads\/2024\/07\/people-celebrating-world-population-day_lowres-300x168.jpg 300w, https:\/\/www.aspeninstitute.it\/wp-content\/uploads\/2024\/07\/people-celebrating-world-population-day_lowres-768x431.jpg 768w\" sizes=\"auto, (max-width: 1024px) 100vw, 1024px\" \/><\/a><\/div><h2 class=\"blog-entry-title entry-title\"><a href=\"https:\/\/www.aspeninstitute.it\/en\/grandi-eventi-e-pnrr-limpatto-economico-e-sociale-della-rigenerazione-urbana\/\" rel=\"bookmark\">Major events and Italy\u2019s National Recovery Plan: the economic impact and social aspects of urban regeneration<\/a><\/h2><ul class=\"nv-meta-list\"><li class=\"meta category \"><a href=\"https:\/\/www.aspeninstitute.it\/en\/category\/assets\/national\/\" rel=\"category tag\">National<\/a><\/li><\/ul><div class=\"excerpt-wrap entry-summary\"><p>Urban regeneration plays a very important role in the evolution of cities, which have been home to the majority of the world\u2019s population for some<a href=\"https:\/\/www.aspeninstitute.it\/en\/grandi-eventi-e-pnrr-limpatto-economico-e-sociale-della-rigenerazione-urbana\/\" rel=\"bookmark\">\u00a0(&#8230;)<span class=\"screen-reader-text\">Major events and Italy\u2019s National Recovery Plan: the economic impact and social aspects of urban regeneration<\/span><\/a><\/p>\n<\/div>\t\t<\/div>\n\t<\/div>\n<\/article>\n<article id=\"post-120107\" class=\"post-120107 post type-post status-publish format-standard has-post-thumbnail hentry category-national temi_aspen-infrastructure-and-mobility primi_nel_tema-in-infrastructure-and-mobility tag_tecnici-secondo-piano tag_formato-roundtable layout-grid \">\n\t<div class=\"article-content-col\">\n\t\t<div class=\"content\">\n\t\t\t<div class=\"data_luogo_archive\"><li><div class='luogo'><b>Milano <\/b><\/div><\/li><div class='giorno' style='float: left;margin-right:3px !important;'><b>6 May 2024<\/b><\/div><\/div><div class=\"documento_archive\"><div class='luogo'>&nbsp;<\/div><div class='giorno'>&nbsp;<\/div><\/div><div class='controllo_se_pubblico'><span style='text-transform: uppercase; color:red;'><\/span><\/div>\t\t\t<div class=\"nv-post-thumbnail-wrap img-wrap\"><a href=\"https:\/\/www.aspeninstitute.it\/en\/la-mobilita-del-futuro-le-sfide-per-il-sistema-economico-e-infrastrutturale\/\" rel=\"bookmark\" title=\"The mobility of the future: economic and infrastructure challenges\"><img loading=\"lazy\" decoding=\"async\" width=\"1203\" height=\"676\" src=\"https:\/\/www.aspeninstitute.it\/wp-content\/uploads\/2024\/03\/image001.png\" class=\"attachment-120149 size-120149 wp-post-image\" alt=\"\" large=\"\" srcset=\"https:\/\/www.aspeninstitute.it\/wp-content\/uploads\/2024\/03\/image001.png 1203w, https:\/\/www.aspeninstitute.it\/wp-content\/uploads\/2024\/03\/image001-300x169.png 300w, https:\/\/www.aspeninstitute.it\/wp-content\/uploads\/2024\/03\/image001-1024x575.png 1024w, https:\/\/www.aspeninstitute.it\/wp-content\/uploads\/2024\/03\/image001-768x432.png 768w\" sizes=\"auto, (max-width: 1203px) 100vw, 1203px\" \/><\/a><\/div><h2 class=\"blog-entry-title entry-title\"><a href=\"https:\/\/www.aspeninstitute.it\/en\/la-mobilita-del-futuro-le-sfide-per-il-sistema-economico-e-infrastrutturale\/\" rel=\"bookmark\">The mobility of the future: economic and infrastructure challenges<\/a><\/h2><ul class=\"nv-meta-list\"><li class=\"meta category \"><a href=\"https:\/\/www.aspeninstitute.it\/en\/category\/assets\/national\/\" rel=\"category tag\">National<\/a><\/li><\/ul><div class=\"excerpt-wrap entry-summary\"><p>La mobilit\u00e0, responsabile per il 25% delle emissioni a livello europeo, \u00e8 uno dei settori su cui si incentra la transizione ecologica. La sua rilevanza nella vita quotidiana dei cittadini, cos\u00ec come l\u2019impatto di un tasso di innovazione tecnologica molto elevato pongono sfide particolarmente urgenti.<\/p>\n<\/div>\t\t<\/div>\n\t<\/div>\n<\/article>\n<article id=\"post-114248\" class=\"post-114248 post type-post status-publish format-standard has-post-thumbnail hentry category-national temi_aspen-environment-and-energy temi_aspen-infrastructure-and-mobility tag_formato-roundtable layout-grid \">\n\t<div class=\"article-content-col\">\n\t\t<div class=\"content\">\n\t\t\t<div class=\"data_luogo_archive\"><li><div class='luogo'><b>Milan<\/b><\/div><\/li><div class='giorno' style='float: left;margin-right:3px !important;'><b>20 March 2023<\/b><\/div><\/div><div class=\"documento_archive\"><div class='luogo'>&nbsp;<\/div><div class='giorno'>&nbsp;<\/div><\/div><div class='controllo_se_pubblico'><span style='text-transform: uppercase; color:red;'><\/span><\/div>\t\t\t<div class=\"nv-post-thumbnail-wrap img-wrap\"><a href=\"https:\/\/www.aspeninstitute.it\/en\/the-water-industry\/\" rel=\"bookmark\" title=\"The water industry\"><img loading=\"lazy\" decoding=\"async\" width=\"1920\" height=\"1080\" src=\"https:\/\/www.aspeninstitute.it\/wp-content\/uploads\/2023\/03\/Sfondo_200323.jpg\" class=\"attachment-115005 size-115005 wp-post-image\" alt=\"\" large=\"\" srcset=\"https:\/\/www.aspeninstitute.it\/wp-content\/uploads\/2023\/03\/Sfondo_200323.jpg 1920w, https:\/\/www.aspeninstitute.it\/wp-content\/uploads\/2023\/03\/Sfondo_200323-300x169.jpg 300w, https:\/\/www.aspeninstitute.it\/wp-content\/uploads\/2023\/03\/Sfondo_200323-1024x576.jpg 1024w, https:\/\/www.aspeninstitute.it\/wp-content\/uploads\/2023\/03\/Sfondo_200323-768x432.jpg 768w, https:\/\/www.aspeninstitute.it\/wp-content\/uploads\/2023\/03\/Sfondo_200323-1536x864.jpg 1536w\" sizes=\"auto, (max-width: 1920px) 100vw, 1920px\" \/><\/a><\/div><h2 class=\"blog-entry-title entry-title\"><a href=\"https:\/\/www.aspeninstitute.it\/en\/the-water-industry\/\" rel=\"bookmark\">The water industry<\/a><\/h2><ul class=\"nv-meta-list\"><li class=\"meta category \"><a href=\"https:\/\/www.aspeninstitute.it\/en\/category\/assets\/national\/\" rel=\"category tag\">National<\/a><\/li><\/ul><div class=\"excerpt-wrap entry-summary\"><p>The water industry is strategic to the future of Italy from the point of view not only of the economy but also of the country\u2019s resilience to the increasingly complex challenges posed by the climate crisis.<\/p>\n<\/div>\t\t<\/div>\n\t<\/div>\n<\/article>\n<article id=\"post-114343\" class=\"post-114343 post type-post status-publish format-standard has-post-thumbnail hentry category-national temi_aspen-infrastructure-and-mobility temi_aspen-institutions-and-society primi_nel_tema-in-infrastructure-and-mobility tag_formato-panel-discussion-en layout-grid \">\n\t<div class=\"article-content-col\">\n\t\t<div class=\"content\">\n\t\t\t<div class=\"data_luogo_archive\"><li><div class='luogo'><b>Rome<\/b><\/div><\/li><div class='giorno' style='float: left;margin-right:3px !important;'><b>19 December 2022<\/b><\/div><\/div><div class=\"documento_archive\"><div class='luogo'>&nbsp;<\/div><div class='giorno'>&nbsp;<\/div><\/div><div class='controllo_se_pubblico'><span style='text-transform: uppercase; color:red;'><\/span><\/div>\t\t\t<div class=\"nv-post-thumbnail-wrap img-wrap\"><a href=\"https:\/\/www.aspeninstitute.it\/en\/il-nuovo-codice-degli-appalti\/\" rel=\"bookmark\" title=\"Italy\u2019s New Procurement Code\"><img loading=\"lazy\" decoding=\"async\" width=\"1920\" height=\"1080\" src=\"https:\/\/www.aspeninstitute.it\/wp-content\/uploads\/2023\/02\/Sfondo.jpg\" class=\"attachment-114090 size-114090 wp-post-image\" alt=\"\" large=\"\" srcset=\"https:\/\/www.aspeninstitute.it\/wp-content\/uploads\/2023\/02\/Sfondo.jpg 1920w, https:\/\/www.aspeninstitute.it\/wp-content\/uploads\/2023\/02\/Sfondo-300x169.jpg 300w, https:\/\/www.aspeninstitute.it\/wp-content\/uploads\/2023\/02\/Sfondo-1024x576.jpg 1024w, https:\/\/www.aspeninstitute.it\/wp-content\/uploads\/2023\/02\/Sfondo-768x432.jpg 768w, https:\/\/www.aspeninstitute.it\/wp-content\/uploads\/2023\/02\/Sfondo-1536x864.jpg 1536w\" sizes=\"auto, (max-width: 1920px) 100vw, 1920px\" \/><\/a><\/div><h2 class=\"blog-entry-title entry-title\"><a href=\"https:\/\/www.aspeninstitute.it\/en\/il-nuovo-codice-degli-appalti\/\" rel=\"bookmark\">Italy\u2019s New Procurement Code<\/a><\/h2><ul class=\"nv-meta-list\"><li class=\"meta category \"><a href=\"https:\/\/www.aspeninstitute.it\/en\/category\/assets\/national\/\" rel=\"category tag\">National<\/a><\/li><\/ul><div class=\"excerpt-wrap entry-summary\"><p>The Procurement Code is an extremely important body of legislation for today\u2019s Italy, especially in light of the efforts required of the country by the National Recovery and Resilience Plan (PNRR). The code\u2019s reform, outlined in law no. 78\/2022, contains some significant additions, the first and most prominent of which concerns the role of the State Council directly charged with drafting the text, and not only as a mere panel of experts.<\/p>\n<\/div>\t\t<\/div>\n\t<\/div>\n<\/article>\n<article id=\"post-109658\" class=\"post-109658 post type-post status-publish format-standard has-post-thumbnail hentry category-national temi_aspen-business-and-work temi_aspen-infrastructure-and-mobility temi_aspen-research-and-training primi_nel_tema-in-businesses-and-work tag_formato-panel-discussion-en layout-grid \">\n\t<div class=\"article-content-col\">\n\t\t<div class=\"content\">\n\t\t\t<div class=\"data_luogo_archive\"><li><div class='luogo'><b>Milan<\/b><\/div><\/li><div class='giorno' style='float: left;margin-right:3px !important;'><b>7 November 2022<\/b><\/div><\/div><div class=\"documento_archive\"><div class='luogo'>&nbsp;<\/div><div class='giorno'>&nbsp;<\/div><\/div><div class='controllo_se_pubblico'><span style='text-transform: uppercase; color:red;'><\/span><\/div>\t\t\t<div class=\"nv-post-thumbnail-wrap img-wrap\"><a href=\"https:\/\/www.aspeninstitute.it\/en\/the-future-of-the-automotive-industry-between-innovation-and-transition\/\" rel=\"bookmark\" title=\"The future of the automotive industry: between innovation and transition\"><img loading=\"lazy\" decoding=\"async\" width=\"1024\" height=\"341\" src=\"https:\/\/www.aspeninstitute.it\/wp-content\/uploads\/2022\/11\/mirror-panoramic-photo-automobile-production-line-welding-car-body-modern-car-assembly-plant_lowres.jpg\" class=\"attachment-109078 size-109078 wp-post-image\" alt=\"\" large=\"\" srcset=\"https:\/\/www.aspeninstitute.it\/wp-content\/uploads\/2022\/11\/mirror-panoramic-photo-automobile-production-line-welding-car-body-modern-car-assembly-plant_lowres.jpg 1024w, https:\/\/www.aspeninstitute.it\/wp-content\/uploads\/2022\/11\/mirror-panoramic-photo-automobile-production-line-welding-car-body-modern-car-assembly-plant_lowres-300x100.jpg 300w, https:\/\/www.aspeninstitute.it\/wp-content\/uploads\/2022\/11\/mirror-panoramic-photo-automobile-production-line-welding-car-body-modern-car-assembly-plant_lowres-768x256.jpg 768w\" sizes=\"auto, (max-width: 1024px) 100vw, 1024px\" \/><\/a><\/div><h2 class=\"blog-entry-title entry-title\"><a href=\"https:\/\/www.aspeninstitute.it\/en\/the-future-of-the-automotive-industry-between-innovation-and-transition\/\" rel=\"bookmark\">The future of the automotive industry: between innovation and transition<\/a><\/h2><ul class=\"nv-meta-list\"><li class=\"meta category \"><a href=\"https:\/\/www.aspeninstitute.it\/en\/category\/assets\/national\/\" rel=\"category tag\">National<\/a><\/li><\/ul><div class=\"excerpt-wrap entry-summary\"><p>The changes underway in the automotive sector today are almost unique to that industry, in that they originate externally. <\/p>\n<\/div>\t\t<\/div>\n\t<\/div>\n<\/article>\n<article id=\"post-113391\" class=\"post-113391 post type-post status-publish format-standard has-post-thumbnail hentry category-aspen-seminars-for-leaders-national category-national temi_aspen-business-and-work temi_aspen-infrastructure-and-mobility temi_aspen-institutions-and-society tag_formato-seminar layout-grid \">\n\t<div class=\"article-content-col\">\n\t\t<div class=\"content\">\n\t\t\t<div class=\"data_luogo_archive\"><li><div class='luogo'><b>Venice<\/b><\/div><\/li><div class='giorno' style='float: left;margin-right:3px !important;'><b>2 October 2022<\/b><\/div><\/div><div class=\"documento_archive\"><div class='luogo'>&nbsp;<\/div><div class='giorno'>&nbsp;<\/div><\/div><div class='controllo_se_pubblico'><span style='text-transform: uppercase; color:red;'><\/span><\/div>\t\t\t<div class=\"nv-post-thumbnail-wrap img-wrap\"><a href=\"https:\/\/www.aspeninstitute.it\/en\/aspen-collective-mind-seminar-policies-for-relaunching-the-south\/\" rel=\"bookmark\" title=\"Aspen Collective Mind Seminar \u2013 Policies for relaunching the South\"><img loading=\"lazy\" decoding=\"async\" width=\"2560\" height=\"1700\" src=\"https:\/\/www.aspeninstitute.it\/wp-content\/uploads\/2022\/11\/boats-parked-water-venice-church-san-giorgio-maggiore-background-scaled.jpg\" class=\"attachment-108502 size-108502 wp-post-image\" alt=\"\" large=\"\" srcset=\"https:\/\/www.aspeninstitute.it\/wp-content\/uploads\/2022\/11\/boats-parked-water-venice-church-san-giorgio-maggiore-background-scaled.jpg 2560w, https:\/\/www.aspeninstitute.it\/wp-content\/uploads\/2022\/11\/boats-parked-water-venice-church-san-giorgio-maggiore-background-300x199.jpg 300w, https:\/\/www.aspeninstitute.it\/wp-content\/uploads\/2022\/11\/boats-parked-water-venice-church-san-giorgio-maggiore-background-1024x680.jpg 1024w, https:\/\/www.aspeninstitute.it\/wp-content\/uploads\/2022\/11\/boats-parked-water-venice-church-san-giorgio-maggiore-background-768x510.jpg 768w, https:\/\/www.aspeninstitute.it\/wp-content\/uploads\/2022\/11\/boats-parked-water-venice-church-san-giorgio-maggiore-background-1536x1020.jpg 1536w, https:\/\/www.aspeninstitute.it\/wp-content\/uploads\/2022\/11\/boats-parked-water-venice-church-san-giorgio-maggiore-background-2048x1360.jpg 2048w\" sizes=\"auto, (max-width: 2560px) 100vw, 2560px\" \/><\/a><\/div><h2 class=\"blog-entry-title entry-title\"><a href=\"https:\/\/www.aspeninstitute.it\/en\/aspen-collective-mind-seminar-policies-for-relaunching-the-south\/\" rel=\"bookmark\">Aspen Collective Mind Seminar \u2013 Policies for relaunching the South<\/a><\/h2><ul class=\"nv-meta-list\"><li class=\"meta category \"><a href=\"https:\/\/www.aspeninstitute.it\/en\/category\/assets\/national\/aspen-seminars-for-leaders-national\/\" rel=\"category tag\">Aspen Seminars for Leaders<\/a>, <a href=\"https:\/\/www.aspeninstitute.it\/en\/category\/assets\/national\/\" rel=\"category tag\">National<\/a><\/li><\/ul><div class=\"excerpt-wrap entry-summary\"><p>A nighttime satellite view of the European continent shows Italy, unlike all the other countries, as clearly divided in two: a brightly illuminated center-north \u2013<a href=\"https:\/\/www.aspeninstitute.it\/en\/aspen-collective-mind-seminar-policies-for-relaunching-the-south\/\" rel=\"bookmark\">\u00a0(&#8230;)<span class=\"screen-reader-text\">Aspen Collective Mind Seminar \u2013 Policies for relaunching the South<\/span><\/a><\/p>\n<\/div>\t\t<\/div>\n\t<\/div>\n<\/article>\n<article id=\"post-113260\" class=\"post-113260 post type-post status-publish format-standard has-post-thumbnail hentry category-aspen-seminars-for-leaders-national category-national temi_aspen-infrastructure-and-mobility temi_aspen-institutions-and-society tag_tecnici-secondo-piano tag_formato-seminar layout-grid \">\n\t<div class=\"article-content-col\">\n\t\t<div class=\"content\">\n\t\t\t<div class=\"data_luogo_archive\"><li><div class='luogo'><b>Venice<\/b><\/div><\/li><div class='giorno' style='float: left;margin-right:3px !important;'><b>30 September 2022<\/b><\/div><div class='giorno' style='float: left;'> - <b>2 October 2022<\/b><\/div><\/div><div class=\"documento_archive\"><div class='luogo'>&nbsp;<\/div><div class='giorno'>&nbsp;<\/div><\/div><div class='controllo_se_pubblico'><span style='text-transform: uppercase; color:red;'><\/span><\/div>\t\t\t<div class=\"nv-post-thumbnail-wrap img-wrap\"><a href=\"https:\/\/www.aspeninstitute.it\/en\/infrastructures-to-drive-competitiveness-resilience-and-innovation\/\" rel=\"bookmark\" title=\"Infrastructures to drive competitiveness, resilience and innovation\"><img loading=\"lazy\" decoding=\"async\" width=\"2560\" height=\"1707\" src=\"https:\/\/www.aspeninstitute.it\/wp-content\/uploads\/2022\/11\/futuristic-road-transportation-technology-with-digital-data-transfer-graphic-scaled.jpg\" class=\"attachment-109456 size-109456 wp-post-image\" alt=\"\" large=\"\" srcset=\"https:\/\/www.aspeninstitute.it\/wp-content\/uploads\/2022\/11\/futuristic-road-transportation-technology-with-digital-data-transfer-graphic-scaled.jpg 2560w, https:\/\/www.aspeninstitute.it\/wp-content\/uploads\/2022\/11\/futuristic-road-transportation-technology-with-digital-data-transfer-graphic-300x200.jpg 300w, https:\/\/www.aspeninstitute.it\/wp-content\/uploads\/2022\/11\/futuristic-road-transportation-technology-with-digital-data-transfer-graphic-1024x683.jpg 1024w, https:\/\/www.aspeninstitute.it\/wp-content\/uploads\/2022\/11\/futuristic-road-transportation-technology-with-digital-data-transfer-graphic-768x512.jpg 768w, https:\/\/www.aspeninstitute.it\/wp-content\/uploads\/2022\/11\/futuristic-road-transportation-technology-with-digital-data-transfer-graphic-1536x1024.jpg 1536w, https:\/\/www.aspeninstitute.it\/wp-content\/uploads\/2022\/11\/futuristic-road-transportation-technology-with-digital-data-transfer-graphic-2048x1365.jpg 2048w, https:\/\/www.aspeninstitute.it\/wp-content\/uploads\/2022\/11\/futuristic-road-transportation-technology-with-digital-data-transfer-graphic-930x620.jpg 930w\" sizes=\"auto, (max-width: 2560px) 100vw, 2560px\" \/><\/a><\/div><h2 class=\"blog-entry-title entry-title\"><a href=\"https:\/\/www.aspeninstitute.it\/en\/infrastructures-to-drive-competitiveness-resilience-and-innovation\/\" rel=\"bookmark\">Infrastructures to drive competitiveness, resilience and innovation<\/a><\/h2><ul class=\"nv-meta-list\"><li class=\"meta category \"><a href=\"https:\/\/www.aspeninstitute.it\/en\/category\/assets\/national\/aspen-seminars-for-leaders-national\/\" rel=\"category tag\">Aspen Seminars for Leaders<\/a>, <a href=\"https:\/\/www.aspeninstitute.it\/en\/category\/assets\/national\/\" rel=\"category tag\">National<\/a><\/li><\/ul><div class=\"excerpt-wrap entry-summary\"><p>Large-scale events are undoubtedly an opportunity to plan medium to long-term infrastructure investments. Similarly, the PNRR can be viewed as a sort of large-scale event ready to reap the benefits of Italy\u2019s experience hosting past events, with keen attention to both positive and negative results.<\/p>\n<\/div>\t\t<\/div>\n\t<\/div>\n<\/article>\n<article id=\"post-113466\" class=\"post-113466 post type-post status-publish format-standard has-post-thumbnail hentry category-national temi_aspen-infrastructure-and-mobility tag_formato-roundtable layout-grid \">\n\t<div class=\"article-content-col\">\n\t\t<div class=\"content\">\n\t\t\t<div class=\"data_luogo_archive\"><li><div class='luogo'><b>Meeting in hybrid format - Rome<\/b><\/div><\/li><div class='giorno' style='float: left;margin-right:3px !important;'><b>5 July 2022<\/b><\/div><\/div><div class=\"documento_archive\"><div class='luogo'>&nbsp;<\/div><div class='giorno'>&nbsp;<\/div><\/div><div class='controllo_se_pubblico'><span style='text-transform: uppercase; color:red;'><\/span><\/div>\t\t\t<div class=\"nv-post-thumbnail-wrap img-wrap\"><a href=\"https:\/\/www.aspeninstitute.it\/en\/urban-renewal-public-and-private-partnerships\/\" rel=\"bookmark\" title=\"Urban renewal: public and private partnerships\"><img loading=\"lazy\" decoding=\"async\" width=\"1578\" height=\"1052\" src=\"https:\/\/www.aspeninstitute.it\/wp-content\/uploads\/2022\/08\/20220705.jpg\" class=\"attachment-105958 size-105958 wp-post-image\" alt=\"\" large=\"\" srcset=\"https:\/\/www.aspeninstitute.it\/wp-content\/uploads\/2022\/08\/20220705.jpg 1578w, https:\/\/www.aspeninstitute.it\/wp-content\/uploads\/2022\/08\/20220705-300x200.jpg 300w, https:\/\/www.aspeninstitute.it\/wp-content\/uploads\/2022\/08\/20220705-1024x683.jpg 1024w, https:\/\/www.aspeninstitute.it\/wp-content\/uploads\/2022\/08\/20220705-768x512.jpg 768w, https:\/\/www.aspeninstitute.it\/wp-content\/uploads\/2022\/08\/20220705-1536x1024.jpg 1536w, https:\/\/www.aspeninstitute.it\/wp-content\/uploads\/2022\/08\/20220705-930x620.jpg 930w\" sizes=\"auto, (max-width: 1578px) 100vw, 1578px\" \/><\/a><\/div><h2 class=\"blog-entry-title entry-title\"><a href=\"https:\/\/www.aspeninstitute.it\/en\/urban-renewal-public-and-private-partnerships\/\" rel=\"bookmark\">Urban renewal: public and private partnerships<\/a><\/h2><ul class=\"nv-meta-list\"><li class=\"meta category \"><a href=\"https:\/\/www.aspeninstitute.it\/en\/category\/assets\/national\/\" rel=\"category tag\">National<\/a><\/li><\/ul><div class=\"excerpt-wrap entry-summary\"><p>Urban renewal continues to pose a pivotal challenge to cities around the world, which have various models from which to choose: from salvaging abandoned industrial<a href=\"https:\/\/www.aspeninstitute.it\/en\/urban-renewal-public-and-private-partnerships\/\" rel=\"bookmark\">\u00a0(&#8230;)<span class=\"screen-reader-text\">Urban renewal: public and private partnerships<\/span><\/a><\/p>\n<\/div>\t\t<\/div>\n\t<\/div>\n<\/article>\n<article id=\"post-105717\" class=\"post-105717 post type-post status-publish format-standard has-post-thumbnail hentry category-national temi_aspen-infrastructure-and-mobility tag_formato-roundtable layout-grid \">\n\t<div class=\"article-content-col\">\n\t\t<div class=\"content\">\n\t\t\t<div class=\"data_luogo_archive\"><li><div class='luogo'><b>Meeting in digital format<\/b><\/div><\/li><div class='giorno' style='float: left;margin-right:3px !important;'><b>21 March 2022<\/b><\/div><\/div><div class=\"documento_archive\"><div class='luogo'>&nbsp;<\/div><div class='giorno'>&nbsp;<\/div><\/div><div class='controllo_se_pubblico'><span style='text-transform: uppercase; color:red;'><\/span><\/div>\t\t\t<div class=\"nv-post-thumbnail-wrap img-wrap\"><a href=\"https:\/\/www.aspeninstitute.it\/en\/the-greater-city-connected-attractive-sustainable\/\" rel=\"bookmark\" title=\"The greater city: connected, attractive, sustainable\"><img loading=\"lazy\" decoding=\"async\" width=\"1578\" height=\"1052\" src=\"https:\/\/www.aspeninstitute.it\/wp-content\/uploads\/2022\/08\/20220321.jpg\" class=\"attachment-105934 size-105934 wp-post-image\" alt=\"\" large=\"\" srcset=\"https:\/\/www.aspeninstitute.it\/wp-content\/uploads\/2022\/08\/20220321.jpg 1578w, https:\/\/www.aspeninstitute.it\/wp-content\/uploads\/2022\/08\/20220321-300x200.jpg 300w, https:\/\/www.aspeninstitute.it\/wp-content\/uploads\/2022\/08\/20220321-1024x683.jpg 1024w, https:\/\/www.aspeninstitute.it\/wp-content\/uploads\/2022\/08\/20220321-768x512.jpg 768w, https:\/\/www.aspeninstitute.it\/wp-content\/uploads\/2022\/08\/20220321-1536x1024.jpg 1536w, https:\/\/www.aspeninstitute.it\/wp-content\/uploads\/2022\/08\/20220321-930x620.jpg 930w\" sizes=\"auto, (max-width: 1578px) 100vw, 1578px\" \/><\/a><\/div><h2 class=\"blog-entry-title entry-title\"><a href=\"https:\/\/www.aspeninstitute.it\/en\/the-greater-city-connected-attractive-sustainable\/\" rel=\"bookmark\">The greater city: connected, attractive, sustainable<\/a><\/h2><ul class=\"nv-meta-list\"><li class=\"meta category \"><a href=\"https:\/\/www.aspeninstitute.it\/en\/category\/assets\/national\/\" rel=\"category tag\">National<\/a><\/li><\/ul><div class=\"excerpt-wrap entry-summary\"><p class=\"Corpo\">Fears of urban crisis stoked during the most difficult months of the pandemic have not borne fruit. Indeed, revived economic and social activities are rekindling the vitality of cities, yet the change due to significant lifestyle interruptions is inexorable. The need has emerged, first of all, to redistribute and reconfigure urban density: the de-synchronization of rhythms consequent to social distancing has eliminated rush-hour congestion and made public transportation more efficient.<\/p>\n<\/div>\t\t<\/div>\n\t<\/div>\n<\/article>\n<article id=\"post-105708\" class=\"post-105708 post type-post status-publish format-standard has-post-thumbnail hentry category-national temi_aspen-infrastructure-and-mobility temi_aspen-technology tag_formato-roundtable layout-grid \">\n\t<div class=\"article-content-col\">\n\t\t<div class=\"content\">\n\t\t\t<div class=\"data_luogo_archive\"><li><div class='luogo'><b>Meeting in digital format<\/b><\/div><\/li><div class='giorno' style='float: left;margin-right:3px !important;'><b>3 March 2022<\/b><\/div><\/div><div class=\"documento_archive\"><div class='luogo'>&nbsp;<\/div><div class='giorno'>&nbsp;<\/div><\/div><div class='controllo_se_pubblico'><span style='text-transform: uppercase; color:red;'><\/span><\/div>\t\t\t<div class=\"nv-post-thumbnail-wrap img-wrap\"><a href=\"https:\/\/www.aspeninstitute.it\/en\/digital-infrastructure-and-technology-innovation-and-sustainability\/\" rel=\"bookmark\" title=\"Digital infrastructure and technology: innovation and sustainability\"><img loading=\"lazy\" decoding=\"async\" width=\"1578\" height=\"1052\" src=\"https:\/\/www.aspeninstitute.it\/wp-content\/uploads\/2022\/08\/20220303.jpg\" class=\"attachment-105932 size-105932 wp-post-image\" alt=\"\" large=\"\" srcset=\"https:\/\/www.aspeninstitute.it\/wp-content\/uploads\/2022\/08\/20220303.jpg 1578w, https:\/\/www.aspeninstitute.it\/wp-content\/uploads\/2022\/08\/20220303-300x200.jpg 300w, https:\/\/www.aspeninstitute.it\/wp-content\/uploads\/2022\/08\/20220303-1024x683.jpg 1024w, https:\/\/www.aspeninstitute.it\/wp-content\/uploads\/2022\/08\/20220303-768x512.jpg 768w, https:\/\/www.aspeninstitute.it\/wp-content\/uploads\/2022\/08\/20220303-1536x1024.jpg 1536w, https:\/\/www.aspeninstitute.it\/wp-content\/uploads\/2022\/08\/20220303-930x620.jpg 930w\" sizes=\"auto, (max-width: 1578px) 100vw, 1578px\" \/><\/a><\/div><h2 class=\"blog-entry-title entry-title\"><a href=\"https:\/\/www.aspeninstitute.it\/en\/digital-infrastructure-and-technology-innovation-and-sustainability\/\" rel=\"bookmark\">Digital infrastructure and technology: innovation and sustainability<\/a><\/h2><ul class=\"nv-meta-list\"><li class=\"meta category \"><a href=\"https:\/\/www.aspeninstitute.it\/en\/category\/assets\/national\/\" rel=\"category tag\">National<\/a><\/li><\/ul><div class=\"excerpt-wrap entry-summary\"><p class=\"Corpo\">What was already an ongoing digital revolution accelerated with the outbreak of the Covid-19 pandemic, foregrounding it as a concern. Indeed, people in their daily lives and businesses have been inundated with digital-driven processes that are often taken for granted and in need of proper governance. As with all changes, the digital revolution is capable of generating unity and inclusion but can also divide and exclude. In that sense, the two principle perspectives from which to examine it are culture and infrastructure.<\/p>\n<\/div>\t\t<\/div>\n\t<\/div>\n<\/article>\n<article id=\"post-54205\" class=\"post-54205 attivita type-attivita status-publish has-post-thumbnail hentry tipologiaattivita-national-interest-national-roundtable-en-2 tipologiaattivita-national-programs-en tipologiaattivita-national-roundtable-en-2 temi_aspen-business-and-work temi_aspen-environment-and-energy temi_aspen-infrastructure-and-mobility tag_formato-roundtable layout-grid \">\n\t<div class=\"article-content-col\">\n\t\t<div class=\"content\">\n\t\t\t<div class=\"data_luogo_archive\"><li><div class='luogo'><b>Meeting in digital format<\/b><\/div><\/li><div class='giorno' style='float: left;margin-right:3px !important;'><b>24 November 2021<\/b><\/div><\/div><div class=\"documento_archive\"><div class='luogo'>&nbsp;<\/div><div class='giorno'>&nbsp;<\/div><\/div><div class='controllo_se_pubblico'><span style='text-transform: uppercase; color:red;'><\/span><\/div>\t\t\t<div class=\"nv-post-thumbnail-wrap img-wrap\"><a href=\"https:\/\/www.aspeninstitute.it\/en\/attivita\/making-most-italys-energy-resources-2\/\" rel=\"bookmark\" title=\"Making the most of Italy\u2019s energy resources\"><img loading=\"lazy\" decoding=\"async\" width=\"1920\" height=\"1080\" src=\"https:\/\/www.aspeninstitute.it\/wp-content\/uploads\/2021\/10\/Sfondo.jpg\" class=\"attachment-108488 size-108488 wp-post-image\" alt=\"\" large=\"\" srcset=\"https:\/\/www.aspeninstitute.it\/wp-content\/uploads\/2021\/10\/Sfondo.jpg 1920w, https:\/\/www.aspeninstitute.it\/wp-content\/uploads\/2021\/10\/Sfondo-300x169.jpg 300w, https:\/\/www.aspeninstitute.it\/wp-content\/uploads\/2021\/10\/Sfondo-1024x576.jpg 1024w, https:\/\/www.aspeninstitute.it\/wp-content\/uploads\/2021\/10\/Sfondo-768x432.jpg 768w, https:\/\/www.aspeninstitute.it\/wp-content\/uploads\/2021\/10\/Sfondo-1536x864.jpg 1536w\" sizes=\"auto, (max-width: 1920px) 100vw, 1920px\" \/><\/a><\/div><h2 class=\"blog-entry-title entry-title\"><a href=\"https:\/\/www.aspeninstitute.it\/en\/attivita\/making-most-italys-energy-resources-2\/\" rel=\"bookmark\">Making the most of Italy\u2019s energy resources<\/a><\/h2><ul class=\"nv-meta-list\"><\/ul><div class=\"excerpt-wrap entry-summary\"><p>The focus of both the G20 in Rome in October and of the COP26 in Glasgow in November was the energy transition.&nbsp; Italy continues to be an active participant in a debate that sheds light on the fact that the transition is not only energy-related, but also an economic, financial, social and cultural one.<\/p>\n<\/div>\t\t<\/div>\n\t<\/div>\n<\/article>\n<article id=\"post-54066\" class=\"post-54066 attivita type-attivita status-publish hentry tipologiaattivita-national-roundtable-en-2 temi_aspen-business-and-work temi_aspen-infrastructure-and-mobility temi_aspen-technology tag_formato-roundtable layout-grid \">\n\t<div class=\"article-content-col\">\n\t\t<div class=\"content\">\n\t\t\t<div class=\"data_luogo_archive\"><li><div class='luogo'><b>Meeting in digital format<\/b><\/div><\/li><div class='giorno' style='float: left;margin-right:3px !important;'><b>9 November 2020<\/b><\/div><\/div><div class=\"documento_archive\"><div class='luogo'>&nbsp;<\/div><div class='giorno'>&nbsp;<\/div><\/div><div class='controllo_se_pubblico'><span style='text-transform: uppercase; color:red;'><\/span><\/div>\t\t\t<h2 class=\"blog-entry-title entry-title\"><a href=\"https:\/\/www.aspeninstitute.it\/en\/attivita\/building-interconnected-society-infrastructure-investment-innovation-and-integration\/\" rel=\"bookmark\">Building an interconnected society: infrastructure, investment, innovation and integration<\/a><\/h2><ul class=\"nv-meta-list\"><\/ul><div class=\"excerpt-wrap entry-summary\"><p>The pandemic has had a considerable impact on lifestyles, both temporarily and longer term (structurally). Even after the arrival of an anti-coronavirus vaccine, an interconnected society is going to have to recuperate a good number of physical living spaces in order to get back to \u201cnormal\u201d. That means fewer distance-based activities, some of which, however, are bound to remain useful and will tend to be employed more as we move forward than they were in pre-emergency times.<\/p>\n<\/div>\t\t<\/div>\n\t<\/div>\n<\/article>\n<article id=\"post-54001\" class=\"post-54001 attivita type-attivita status-publish hentry tipologiaattivita-national-roundtable-en-2 temi_aspen-culture-and-tourism temi_aspen-infrastructure-and-mobility temi_aspen-technology tag_formato-roundtable layout-grid \">\n\t<div class=\"article-content-col\">\n\t\t<div class=\"content\">\n\t\t\t<div class=\"data_luogo_archive\"><li><div class='luogo'><b>Meeting in digital format<\/b><\/div><\/li><div class='giorno' style='float: left;margin-right:3px !important;'><b>18 June 2020<\/b><\/div><\/div><div class=\"documento_archive\"><div class='luogo'>&nbsp;<\/div><div class='giorno'>&nbsp;<\/div><\/div><div class='controllo_se_pubblico'><span style='text-transform: uppercase; color:red;'><\/span><\/div>\t\t\t<h2 class=\"blog-entry-title entry-title\"><a href=\"https:\/\/www.aspeninstitute.it\/en\/attivita\/future-mobility-smart-innovative-sustainable\/\" rel=\"bookmark\">Future mobility: smart, innovative, sustainable<\/a><\/h2><ul class=\"nv-meta-list\"><\/ul><div class=\"excerpt-wrap entry-summary\"><p>The Covid-19 emergency has forced millions of people into quarantine and has interrupted the ordinary flow of local and international traffic. The sudden emptying of urban spaces traditionally perceived as dense and congested is the most glaring evidence of the alteration in lifestyles and of the impact of thousands of city dwellers\u2019 inevitable recourse to more streamlined and flexible work solutions.<\/p>\n<\/div>\t\t<\/div>\n\t<\/div>\n<\/article>\n<article id=\"post-53908\" class=\"post-53908 attivita type-attivita status-publish hentry tipologiaattivita-national-roundtable-en-2 temi_aspen-environment-and-energy temi_aspen-infrastructure-and-mobility tag_formato-roundtable layout-grid \">\n\t<div class=\"article-content-col\">\n\t\t<div class=\"content\">\n\t\t\t<div class=\"data_luogo_archive\"><li><div class='luogo'><b>Milan<\/b><\/div><\/li><div class='giorno' style='float: left;margin-right:3px !important;'><b>1 July 2019<\/b><\/div><\/div><div class=\"documento_archive\"><div class='luogo'>&nbsp;<\/div><div class='giorno'>&nbsp;<\/div><\/div><div class='controllo_se_pubblico'><span style='text-transform: uppercase; color:red;'><\/span><\/div>\t\t\t<h2 class=\"blog-entry-title entry-title\"><a href=\"https:\/\/www.aspeninstitute.it\/en\/attivita\/infrastructure-and-sustainable-mobility\/\" rel=\"bookmark\">Infrastructure and sustainable mobility<\/a><\/h2><ul class=\"nv-meta-list\"><\/ul><div class=\"excerpt-wrap entry-summary\"><p>The theme of mobility is central to current reflections on economic development, and considerations on the mobility of persons and goods \u2013 to which approximately 29% of global CO<sub>2<\/sub> emissions can be attributed \u2013 is a special focus.<\/p>\n<\/div>\t\t<\/div>\n\t<\/div>\n<\/article>\n<article id=\"post-53786\" class=\"post-53786 attivita type-attivita status-publish hentry tipologiaattivita-national-conference temi_aspen-business-and-work temi_aspen-geopolitics temi_aspen-infrastructure-and-mobility layout-grid \">\n\t<div class=\"article-content-col\">\n\t\t<div class=\"content\">\n\t\t\t<div class=\"data_luogo_archive\"><li><div class='luogo'><b>Palermo<\/b><\/div><\/li><div class='giorno' style='float: left;margin-right:3px !important;'><b>30 September 2018<\/b><\/div><\/div><div class=\"documento_archive\"><div class='luogo'>&nbsp;<\/div><div class='giorno'>&nbsp;<\/div><\/div><div class='controllo_se_pubblico'><span style='text-transform: uppercase; color:red;'><\/span><\/div>\t\t\t<h2 class=\"blog-entry-title entry-title\"><a href=\"https:\/\/www.aspeninstitute.it\/en\/attivita\/building-new-silk-road-sicilys-role-0\/\" rel=\"bookmark\">Building a new silk road: Sicily\u2019s role<\/a><\/h2><ul class=\"nv-meta-list\"><\/ul><div class=\"excerpt-wrap entry-summary\"><p>Kicking off discussions at this National Conference was the observation that southern Italy\u2019s ports, intermodal facilities, and adjacent hinterland areas have a strategic opportunity within their grasp, with Mediterranean routes now serving as crossroads for global traffic. It was felt, however, that in order to seize these opportunities, medium and long-term choices need to be made, with a commitment at the governmental level to ensure that the right incentives, an apposite regulatory framework, and a coherent vision for pursuing Italy\u2019s economic interests are all in place.<\/p>\n<\/div>\t\t<\/div>\n\t<\/div>\n<\/article>\n<article id=\"post-53780\" class=\"post-53780 attivita type-attivita status-publish hentry tipologiaattivita-national-roundtable-en-2 temi_aspen-environment-and-energy temi_aspen-infrastructure-and-mobility layout-grid \">\n\t<div class=\"article-content-col\">\n\t\t<div class=\"content\">\n\t\t\t<div class=\"data_luogo_archive\"><li><div class='luogo'><b>Rome<\/b><\/div><\/li><div class='giorno' style='float: left;margin-right:3px !important;'><b>12 September 2018<\/b><\/div><\/div><div class=\"documento_archive\"><div class='luogo'>&nbsp;<\/div><div class='giorno'>&nbsp;<\/div><\/div><div class='controllo_se_pubblico'><span style='text-transform: uppercase; color:red;'><\/span><\/div>\t\t\t<h2 class=\"blog-entry-title entry-title\"><a href=\"https:\/\/www.aspeninstitute.it\/en\/attivita\/shifting-sustainable-transportation-italy-social-and-economic-consequences\/\" rel=\"bookmark\">Shifting to sustainable transportation in Italy: social and economic consequences<\/a><\/h2><ul class=\"nv-meta-list\"><\/ul><div class=\"excerpt-wrap entry-summary\"><p>The participants at this roundtable noted that there is practically unanimous consensus on the need to rise to the challenge of achieving eco-sustainable mobility, a necessary objective in order to meet the Paris Agreement\u2019s target of keeping the increase in global average temperature to well below 2\u00b0C. The issue was viewed as one primarily concerning the health of both the present generation and the next.<\/p>\n<\/div>\t\t<\/div>\n\t<\/div>\n<\/article>\n<article id=\"post-53765\" class=\"post-53765 attivita type-attivita status-publish hentry tipologiaattivita-national-roundtable-en-2 temi_aspen-culture-and-tourism temi_aspen-infrastructure-and-mobility temi_aspen-institutions-and-society layout-grid \">\n\t<div class=\"article-content-col\">\n\t\t<div class=\"content\">\n\t\t\t<div class=\"data_luogo_archive\"><li><div class='luogo'><b>Bologna<\/b><\/div><\/li><div class='giorno' style='float: left;margin-right:3px !important;'><b>9 July 2018<\/b><\/div><\/div><div class=\"documento_archive\"><div class='luogo'>&nbsp;<\/div><div class='giorno'>&nbsp;<\/div><\/div><div class='controllo_se_pubblico'><span style='text-transform: uppercase; color:red;'><\/span><\/div>\t\t\t<h2 class=\"blog-entry-title entry-title\"><a href=\"https:\/\/www.aspeninstitute.it\/en\/attivita\/italian-airport-system-synergies-investment-attractiveness\/\" rel=\"bookmark\">Italian airport system: synergies, investment, attractiveness<\/a><\/h2><ul class=\"nv-meta-list\"><\/ul><div class=\"excerpt-wrap entry-summary\"><p>The starting premise of discussions at this national roundtable was that the issue of air transport owes its considerable complexity to the sheer number of stakeholders involved. The interests and different perspectives of airport operators, airline companies, travelers, local authorities, and other competing and combined transport networks were seen as calling for a synergistic approach both on the part of these players themselves and of the State.<\/p>\n<\/div>\t\t<\/div>\n\t<\/div>\n<\/article>\n<article id=\"post-53488\" class=\"post-53488 attivita type-attivita status-publish hentry tipologiaattivita-italian-talents-abroad tipologiaattivita-national-interest-national-conference tipologiaattivita-national-programs-en temi_aspen-environment-and-energy temi_aspen-infrastructure-and-mobility temi_aspen-technology layout-grid \">\n\t<div class=\"article-content-col\">\n\t\t<div class=\"content\">\n\t\t\t<div class=\"data_luogo_archive\"><li><div class='luogo'><b>Rome<\/b><\/div><\/li><div class='giorno' style='float: left;margin-right:3px !important;'><b>25 September 2016<\/b><\/div><\/div><div class=\"documento_archive\"><div class='luogo'>&nbsp;<\/div><div class='giorno'>&nbsp;<\/div><\/div><div class='controllo_se_pubblico'><span style='text-transform: uppercase; color:red;'><\/span><\/div>\t\t\t<h2 class=\"blog-entry-title entry-title\"><a href=\"https:\/\/www.aspeninstitute.it\/en\/attivita\/efficiency-and-sustainability-key-challenges-modern-cities\/\" rel=\"bookmark\">Efficiency and sustainability: key challenges for modern cities<\/a><\/h2><ul class=\"nv-meta-list\"><\/ul><div class=\"excerpt-wrap entry-summary\"><p>The starting premise of debate at this National Interest event was that cities are the place where the future of humanity is set to play out, not just because \u2013 for the first time in history \u2013 the majority of the world\u2019s population lives in urban areas, but also because the latter will become increasingly pivotal to ensuring the sustainability of development models.<\/p>\n<\/div>\t\t<\/div>\n\t<\/div>\n<\/article>\n\n\t<div id=\"edd_download_pagination\" class=\"navigation\">\n\t\t\t<\/div>\n\n\t\t<\/div>\n\t<\/div>\n\n","protected":false},"excerpt":{"rendered":"","protected":false},"author":1177,"featured_media":0,"parent":0,"menu_order":0,"comment_status":"closed","ping_status":"closed","template":"","meta":{"_acf_changed":false,"_bbp_topic_count":0,"_bbp_reply_count":0,"_bbp_total_topic_count":0,"_bbp_total_reply_count":0,"_bbp_voice_count":0,"_bbp_anonymous_reply_count":0,"_bbp_topic_count_hidden":0,"_bbp_reply_count_hidden":0,"_bbp_forum_subforum_count":0,"neve_meta_sidebar":"","neve_meta_container":"","neve_meta_enable_content_width":"off","neve_meta_content_width":100,"neve_meta_title_alignment":"","neve_meta_author_avatar":"","neve_post_elements_order":"","neve_meta_disable_header":"","neve_meta_disable_footer":"","neve_meta_disable_title":"","neve_meta_reading_time":"","_themeisle_gutenberg_block_has_review":false,"footnotes":""},"freetags":[],"tag_tecnica":[],"temi_aspen":[],"attivita_internaz_in_essere":[],"attivita_internaz_concluse":[],"studi_e_ricerche":[],"class_list":["post-111597","page","type-page","status-publish","hentry"],"acf":[],"_links":{"self":[{"href":"https:\/\/www.aspeninstitute.it\/en\/wp-json\/wp\/v2\/pages\/111597","targetHints":{"allow":["GET"]}}],"collection":[{"href":"https:\/\/www.aspeninstitute.it\/en\/wp-json\/wp\/v2\/pages"}],"about":[{"href":"https:\/\/www.aspeninstitute.it\/en\/wp-json\/wp\/v2\/types\/page"}],"author":[{"embeddable":true,"href":"https:\/\/www.aspeninstitute.it\/en\/wp-json\/wp\/v2\/users\/1177"}],"replies":[{"embeddable":true,"href":"https:\/\/www.aspeninstitute.it\/en\/wp-json\/wp\/v2\/comments?post=111597"}],"version-history":[{"count":1,"href":"https:\/\/www.aspeninstitute.it\/en\/wp-json\/wp\/v2\/pages\/111597\/revisions"}],"predecessor-version":[{"id":111598,"href":"https:\/\/www.aspeninstitute.it\/en\/wp-json\/wp\/v2\/pages\/111597\/revisions\/111598"}],"wp:attachment":[{"href":"https:\/\/www.aspeninstitute.it\/en\/wp-json\/wp\/v2\/media?parent=111597"}],"wp:term":[{"taxonomy":"freetags","embeddable":true,"href":"https:\/\/www.aspeninstitute.it\/en\/wp-json\/wp\/v2\/freetags?post=111597"},{"taxonomy":"tag_tecnica","embeddable":true,"href":"https:\/\/www.aspeninstitute.it\/en\/wp-json\/wp\/v2\/tag_tecnica?post=111597"},{"taxonomy":"temi_aspen","embeddable":true,"href":"https:\/\/www.aspeninstitute.it\/en\/wp-json\/wp\/v2\/temi_aspen?post=111597"},{"taxonomy":"attivita_internaz_in_essere","embeddable":true,"href":"https:\/\/www.aspeninstitute.it\/en\/wp-json\/wp\/v2\/attivita_internaz_in_essere?post=111597"},{"taxonomy":"attivita_internaz_concluse","embeddable":true,"href":"https:\/\/www.aspeninstitute.it\/en\/wp-json\/wp\/v2\/attivita_internaz_concluse?post=111597"},{"taxonomy":"studi_e_ricerche","embeddable":true,"href":"https:\/\/www.aspeninstitute.it\/en\/wp-json\/wp\/v2\/studi_e_ricerche?post=111597"}],"curies":[{"name":"wp","href":"https:\/\/api.w.org\/{rel}","templated":true}]}}